{"id":8,"date":"2019-03-15T15:35:25","date_gmt":"2019-03-15T14:35:25","guid":{"rendered":"http:\/\/yyqrzwwvyb.cyon.link\/?page_id=8"},"modified":"2025-09-04T09:48:44","modified_gmt":"2025-09-04T07:48:44","slug":"praesidentin","status":"publish","type":"page","link":"https:\/\/www.svp-international.ch\/de\/ueber-uns\/organisation\/praesidentin\/","title":{"rendered":"Pr\u00e4sidentin"},"content":{"rendered":"<div id=\"pl-8\"  class=\"panel-layout\" ><div id=\"pg-8-0\"  class=\"panel-grid panel-has-style\" ><div data-iw-animation-delay=\"\" data-iw-animation-position=\"\" class=\"panel-row-style panel-row-style-for-8-0\" ><div id=\"pgc-8-0-0\"  class=\"panel-grid-cell\" ><div id=\"panel-8-0-0-0\" class=\"so-panel widget widget_sow-image panel-first-child panel-last-child\" data-index=\"0\" ><div data-iw-animation-delay=\"\" data-iw-animation-position=\"\" class=\"panel-widget-style panel-widget-style-for-8-0-0-0\" ><div\n\t\t\t\n\t\t\tclass=\"so-widget-sow-image so-widget-sow-image-default-c67d20f9f743-8\"\n\t\t\t\n\t\t>\n\n<div class=\"sow-image-container\">\n\t\t<img loading=\"lazy\" decoding=\"async\" src=\"https:\/\/www.svp-international.ch\/de\/wp-content\/uploads\/sites\/27\/Profil-Bil-Inge-1.jpg\" width=\"977\" height=\"1151\" srcset=\"https:\/\/www.svp-international.ch\/de\/wp-content\/uploads\/sites\/27\/Profil-Bil-Inge-1.jpg 977w, https:\/\/www.svp-international.ch\/de\/wp-content\/uploads\/sites\/27\/Profil-Bil-Inge-1-720x848.jpg 720w, https:\/\/www.svp-international.ch\/de\/wp-content\/uploads\/sites\/27\/Profil-Bil-Inge-1-611x720.jpg 611w\" sizes=\"auto, (max-width: 977px) 100vw, 977px\" title=\"Inge Sch\u00fctz\" alt=\"\" \t\tclass=\"so-widget-image\"\/>\n\t<\/div>\n\n<\/div><\/div><\/div><\/div><div id=\"pgc-8-0-1\"  class=\"panel-grid-cell\" ><div id=\"panel-8-0-1-0\" class=\"so-panel widget widget_sow-editor panel-first-child panel-last-child\" data-index=\"1\" ><div data-iw-animation-delay=\"\" data-iw-animation-position=\"\" class=\"panel-widget-style panel-widget-style-for-8-0-1-0\" ><div\n\t\t\t\n\t\t\tclass=\"so-widget-sow-editor so-widget-sow-editor-base\"\n\t\t\t\n\t\t>\n<div class=\"siteorigin-widget-tinymce textwidget\">\n\t<h3>Inge Sch\u00fctz<\/h3>\n<p>\"Als Pr\u00e4sidentin der SVP International setze ich mich f\u00fcr eine offensive Vorw\u00e4rtsstrategie zur F\u00f6rderung des Wirtschaftsstandortes Schweiz ein, denn nur eine gesunde Wirtschaft kann wachsen und sozial sein.\u00a0Mit meiner\u00a016-j\u00e4hrigen Auslanderfahrung setze ich mich in den politischen Gremien aktiv f\u00fcr die Anliegen der Auslandschweizer ein.\"<\/p>\n<p><em>Inge Sch\u00fctz<\/em><\/p>\n<\/div>\n<\/div><\/div><\/div><\/div><\/div><\/div><\/div>","protected":false},"excerpt":{"rendered":"<p>Inge Sch\u00fctz &#8222;Als Pr\u00e4sidentin der SVP International setze ich mich f\u00fcr eine offensive Vorw\u00e4rtsstrategie zur F\u00f6rderung des Wirtschaftsstandortes Schweiz ein, denn nur eine gesunde Wirtschaft kann wachsen und sozial sein.\u00a0Mit meiner\u00a016-j\u00e4hrigen Auslanderfahrung setze ich mich in den politischen Gremien aktiv f\u00fcr die Anliegen der Auslandschweizer ein.&#8220; Inge Sch\u00fctz<\/p>\n","protected":false},"author":22,"featured_media":0,"parent":138,"menu_order":0,"comment_status":"closed","ping_status":"closed","template":"","meta":{"footnotes":""},"class_list":["post-8","page","type-page","status-publish","hentry"],"_links":{"self":[{"href":"https:\/\/www.svp-international.ch\/de\/wp-json\/wp\/v2\/pages\/8","targetHints":{"allow":["GET"]}}],"collection":[{"href":"https:\/\/www.svp-international.ch\/de\/wp-json\/wp\/v2\/pages"}],"about":[{"href":"https:\/\/www.svp-international.ch\/de\/wp-json\/wp\/v2\/types\/page"}],"author":[{"embeddable":true,"href":"https:\/\/www.svp-international.ch\/de\/wp-json\/wp\/v2\/users\/22"}],"replies":[{"embeddable":true,"href":"https:\/\/www.svp-international.ch\/de\/wp-json\/wp\/v2\/comments?post=8"}],"version-history":[{"count":14,"href":"https:\/\/www.svp-international.ch\/de\/wp-json\/wp\/v2\/pages\/8\/revisions"}],"predecessor-version":[{"id":1171,"href":"https:\/\/www.svp-international.ch\/de\/wp-json\/wp\/v2\/pages\/8\/revisions\/1171"}],"up":[{"embeddable":true,"href":"https:\/\/www.svp-international.ch\/de\/wp-json\/wp\/v2\/pages\/138"}],"wp:attachment":[{"href":"https:\/\/www.svp-international.ch\/de\/wp-json\/wp\/v2\/media?parent=8"}],"curies":[{"name":"wp","href":"https:\/\/api.w.org\/{rel}","templated":true}]}}