{"id":8,"date":"2019-03-15T15:35:25","date_gmt":"2019-03-15T14:35:25","guid":{"rendered":"http:\/\/yyqrzwwvyb.cyon.link\/?page_id=8"},"modified":"2019-06-21T14:49:26","modified_gmt":"2019-06-21T12:49:26","slug":"le-president","status":"publish","type":"page","link":"https:\/\/www.svp-international.ch\/fr\/portrait\/organisation\/le-president\/","title":{"rendered":"Le pr\u00e9sident"},"content":{"rendered":"<div id=\"pl-8\"  class=\"panel-layout\" ><div id=\"pg-8-0\"  class=\"panel-grid panel-has-style\" ><div data-iw-animation-delay=\"\" data-iw-animation-position=\"\" class=\"panel-row-style panel-row-style-for-8-0\" ><div id=\"pgc-8-0-0\"  class=\"panel-grid-cell\" ><div id=\"panel-8-0-0-0\" class=\"so-panel widget widget_sow-image panel-first-child panel-last-child\" data-index=\"0\" ><div data-iw-animation-delay=\"\" data-iw-animation-position=\"\" class=\"panel-widget-style panel-widget-style-for-8-0-0-0\" ><div\n\t\t\t\n\t\t\tclass=\"so-widget-sow-image so-widget-sow-image-default-c67d20f9f743-8\"\n\t\t\t\n\t\t>\n\n<div class=\"sow-image-container\">\n\t\t<img loading=\"lazy\" decoding=\"async\" src=\"https:\/\/www.svp-international.ch\/fr\/wp-content\/uploads\/sites\/30\/Inge-Sch\u00fctz.jpg\" width=\"150\" height=\"207\" sizes=\"auto, (max-width: 150px) 100vw, 150px\" title=\"Inge Sch\u00fctz\" alt=\"\" \t\tclass=\"so-widget-image\"\/>\n\t<\/div>\n\n<\/div><\/div><\/div><\/div><div id=\"pgc-8-0-1\"  class=\"panel-grid-cell\" ><div id=\"panel-8-0-1-0\" class=\"so-panel widget widget_sow-editor panel-first-child panel-last-child\" data-index=\"1\" ><div data-iw-animation-delay=\"\" data-iw-animation-position=\"\" class=\"panel-widget-style panel-widget-style-for-8-0-1-0\" ><div\n\t\t\t\n\t\t\tclass=\"so-widget-sow-editor so-widget-sow-editor-base\"\n\t\t\t\n\t\t>\n<div class=\"siteorigin-widget-tinymce textwidget\">\n\t<h3>Inge Sch\u00fctz<\/h3>\n<p>\"En tant que pr\u00e9sidente de l'UDC International je m'engage pour une strat\u00e9gie offensive en faveur de la place \u00e9conomique suisse, car seule une \u00e9conomie florissante peut cro\u00eetre et offrir la s\u00e9curit\u00e9 sociale. Forte de mes seize ann\u00e9es d'exp\u00e9rience \u00e0 l'\u00e9tranger, je me bats dans les organes politiques pour les besoins des Suisses de l'\u00e9tranger.\"<\/p>\n<p><em>Inge Sch\u00fctz<\/em><\/p>\n<\/div>\n<\/div><\/div><\/div><\/div><\/div><\/div><\/div>","protected":false},"excerpt":{"rendered":"<p>Inge Sch\u00fctz \u00ab\u00a0En tant que pr\u00e9sidente de l&rsquo;UDC International je m&rsquo;engage pour une strat\u00e9gie offensive en faveur de la place \u00e9conomique suisse, car seule une \u00e9conomie florissante peut cro\u00eetre et offrir la s\u00e9curit\u00e9 sociale. Forte de mes seize ann\u00e9es d&rsquo;exp\u00e9rience \u00e0 l&rsquo;\u00e9tranger, je me bats dans les organes politiques pour les besoins des Suisses de [&hellip;]<\/p>\n","protected":false},"author":22,"featured_media":0,"parent":138,"menu_order":0,"comment_status":"closed","ping_status":"closed","template":"","meta":{"footnotes":""},"class_list":["post-8","page","type-page","status-publish","hentry"],"_links":{"self":[{"href":"https:\/\/www.svp-international.ch\/fr\/wp-json\/wp\/v2\/pages\/8","targetHints":{"allow":["GET"]}}],"collection":[{"href":"https:\/\/www.svp-international.ch\/fr\/wp-json\/wp\/v2\/pages"}],"about":[{"href":"https:\/\/www.svp-international.ch\/fr\/wp-json\/wp\/v2\/types\/page"}],"author":[{"embeddable":true,"href":"https:\/\/www.svp-international.ch\/fr\/wp-json\/wp\/v2\/users\/22"}],"replies":[{"embeddable":true,"href":"https:\/\/www.svp-international.ch\/fr\/wp-json\/wp\/v2\/comments?post=8"}],"version-history":[{"count":13,"href":"https:\/\/www.svp-international.ch\/fr\/wp-json\/wp\/v2\/pages\/8\/revisions"}],"predecessor-version":[{"id":751,"href":"https:\/\/www.svp-international.ch\/fr\/wp-json\/wp\/v2\/pages\/8\/revisions\/751"}],"up":[{"embeddable":true,"href":"https:\/\/www.svp-international.ch\/fr\/wp-json\/wp\/v2\/pages\/138"}],"wp:attachment":[{"href":"https:\/\/www.svp-international.ch\/fr\/wp-json\/wp\/v2\/media?parent=8"}],"curies":[{"name":"wp","href":"https:\/\/api.w.org\/{rel}","templated":true}]}}